{"id":3083,"date":"2017-11-27T11:33:23","date_gmt":"2017-11-27T14:33:23","guid":{"rendered":"http:\/\/peru.soloviajar.com\/?page_id=3083"},"modified":"2017-11-28T10:26:58","modified_gmt":"2017-11-28T13:26:58","slug":"paquetes-que-incluyen-arequipa-y-el-canon-del-colca-como-destino","status":"publish","type":"page","link":"https:\/\/soloelperu.com\/en\/paquetes-que-incluyen-arequipa-y-el-canon-del-colca-como-destino\/","title":{"rendered":"Paquetes que incluyen Arequipa y el Ca\u00f1\u00f3n del Colca como destino"},"content":{"rendered":"<p>[vc_row][vc_column][vc_single_image image=&#8221;3086&#8243; img_size=&#8221;large&#8221; alignment=&#8221;center&#8221; style=&#8221;vc_box_border&#8221; onclick=&#8221;zoom&#8221; css_animation=&#8221;left-to-right&#8221;][vc_empty_space height=&#8221;20px&#8221;][vc_column_text]<\/p>\n<hr \/>\n<p style=\"text-align: center;\"><span style=\"font-size: 18pt;\"><strong>Detalle de Paquetes que incluyen Arequipa y el Ca\u00f1\u00f3n del Colca como destino. Consulta el de tu inter\u00e9s<\/strong><\/span><\/p>\n<hr \/>\n<p>[\/vc_column_text][vc_empty_space height=&#8221;20px&#8221;]<div class=\"nicdark_masonry_container\">\n\n\n<div id=\"3004\" class=\"grid grid_12 percentage nicdark_masonry_item nicdark_padding10 nicdark_sizing\">\n               \n\n    <div class=\"nicdark_focus nicdark_bg_yellow nicdark_relative\">\n\n        <div class=\"nicdark_focus nicdark_displaynone_desktop nicdark_displayblock_iphonepotr nicdark_displayblock_iphoneland nicdark_displayblock_ipadpotr nicdark_displayblock_ipadland\">\n            <!--start image-->\n        <div class=\"nicdark_focus nicdark_relative nicdark_fadeinout nicdark_overflow\">    \n\n            <img decoding=\"async\" alt=\"\" class=\"nicdark_focus nicdark_zoom_image\" src=\"https:\/\/soloelperu.com\/wp-content\/uploads\/portada12n-1728x1080.jpg\">\n\n            \n            <!--price-->\n            <div class=\"nicdark_fadeout nicdark_absolute nicdark_height100percentage nicdark_width_percentage100\">  \n                <a href=\"https:\/\/soloelperu.com\/en\/packages\/cusco-valle-sagrado-machu-picchu-arequipa-colca-y-lago-titicaca-12-noches\/\" class=\"nicdark_btn nicdark_bg_yellow left white medium\">Consultar <\/a>\n            <\/div>\n            <!--end price-->\n\n\n            <!--start content-->\n            <div class=\"nicdark_fadein nicdark_filter greydark nicdark_absolute nicdark_height100percentage nicdark_width_percentage100\">\n                <div class=\"nicdark_absolute nicdark_display_table nicdark_height100percentage nicdark_width_percentage100\">\n                    <div class=\"nicdark_cell nicdark_vertical_middle\">\n                        <a href=\"https:\/\/soloelperu.com\/en\/packages\/cusco-valle-sagrado-machu-picchu-arequipa-colca-y-lago-titicaca-12-noches\/\" class=\"nicdark_btn nicdark_border_white white medium\">MAS INFORMACI\u00d3N<\/a>\n                    <\/div>   \n                <\/div>   \n            <\/div>\n            <!--end content-->\n\n        <\/div>\n        <!--end image-->\n        <\/div>\n\n        <div class=\"nicdark_displaynone_responsive nicdark_width_percentage30 nicdark_focus\">\n            <div class=\"nicdark_space1\"><\/div>\n        <\/div>\n\n        <div style=\"background-image:url(https:\/\/soloelperu.com\/wp-content\/uploads\/portada12n-1728x1080.jpg); background-size:cover; background-position:center center;\" class=\"nicdark_displaynone_responsive nicdark_overflow nicdark_bg_greydark nicdark_width_percentage30 nicdark_absolute_floatnone nicdark_height100percentage nicdark_focus\">\n            \n        <\/div>\n\n        <div class=\"nicdark_width100_responsive nicdark_width_percentage50 nicdark_focus nicdark_bg_white nicdark_border_grey nicdark_sizing\">\n            <div class=\"nicdark_textevidence nicdark_bg_grey nicdark_borderbottom_grey\">\n                <h4 class=\"grey nicdark_margin20\">Cusco, Valle Sagrado, Machu Picchu, Arequipa, Colca y Lago Titicaca (12 Noches)<\/h4>\n            <\/div>\n            <div class=\"nicdark_margin20\">\n                <p>13 d\u00edas de un Apasionante recorrido del centro de Per\u00fa, paquete dise\u00f1ado para todos aquellas personas que desean conocer detalladamente \u00e9ste hermoso pa\u00eds y sus paisajes andinos.<\/p>\n                <div class=\"nicdark_space20\"><\/div>\n                <a title=\" Arequipa  Cusco  Lago Titicaca \" class=\"nicdark_bg_grey_hover nicdark_tooltip nicdark_transition nicdark_btn_icon nicdark_border_grey small grey nicdark_margin05 nicdark_marginleft0\"><i class=\"icon-direction\"><\/i><\/a>\n                <a title=\" Cultural  Esparcimiento \" class=\"nicdark_bg_grey_hover nicdark_tooltip nicdark_transition nicdark_btn_icon nicdark_border_grey small grey nicdark_margin05\"><i class=\"icon-tree-1\"><\/i><\/a>\n                <a title=\" 1 Person  2 People  3 People  4 People \" class=\"nicdark_bg_grey_hover nicdark_tooltip nicdark_transition nicdark_btn_icon nicdark_border_grey small grey nicdark_margin05\"><i class=\"icon-users-1\"><\/i><\/a>\n                <a title=\" + de 10 D\u00edas \" class=\"nicdark_bg_grey_hover nicdark_tooltip nicdark_transition nicdark_btn_icon nicdark_border_grey small grey nicdark_margin05\"><i class=\"icon-calendar-2\"><\/i><\/a>\n            <\/div>\n        <\/div>\n\n        <div class=\"nicdark_displaynone_responsive nicdark_width_percentage20 nicdark_height100percentage nicdark_absolute_floatnone right\">\n            <div class=\"nicdark_filter nicdark_display_table nicdark_height100percentage center\">\n\n                <div class=\"nicdark_cell nicdark_vertical_middle\">\n                    <h1 class=\"white\">Consultar<\/h1>\n                    <div class=\"nicdark_space10\"><\/div>\n                    <h4 class=\"white\"><\/h4>\n                    <div class=\"nicdark_space20\"><\/div><a href=\"https:\/\/soloelperu.com\/en\/packages\/cusco-valle-sagrado-machu-picchu-arequipa-colca-y-lago-titicaca-12-noches\/\" class=\"nicdark_border_white white nicdark_btn nicdark_outline medium \">MAS INFORMACI\u00d3N<\/a>\n                <\/div>\n                \n            <\/div>\n        <\/div>\n\n    <\/div>\n<\/div>\n\n\n\n\n\n\n\n\n<\/div><div class=\"nicdark_masonry_container\">\n\n\n<div id=\"2998\" class=\"grid grid_12 percentage nicdark_masonry_item nicdark_padding10 nicdark_sizing\">\n               \n\n    <div class=\"nicdark_focus nicdark_bg_yellow nicdark_relative\">\n\n        <div class=\"nicdark_focus nicdark_displaynone_desktop nicdark_displayblock_iphonepotr nicdark_displayblock_iphoneland nicdark_displayblock_ipadpotr nicdark_displayblock_ipadland\">\n            <!--start image-->\n        <div class=\"nicdark_focus nicdark_relative nicdark_fadeinout nicdark_overflow\">    \n\n            <img decoding=\"async\" alt=\"\" class=\"nicdark_focus nicdark_zoom_image\" src=\"https:\/\/soloelperu.com\/wp-content\/uploads\/paisajeandino1920x1200-1728x1080.jpg\">\n\n            \n            <!--price-->\n            <div class=\"nicdark_fadeout nicdark_absolute nicdark_height100percentage nicdark_width_percentage100\">  \n                <a href=\"https:\/\/soloelperu.com\/en\/packages\/lima-cusco-valle-sagrado-machu-picchu-arequipa-colca-y-lago-titicaca-14-noches\/\" class=\"nicdark_btn nicdark_bg_yellow left white medium\">Consultar <\/a>\n            <\/div>\n            <!--end price-->\n\n\n            <!--start content-->\n            <div class=\"nicdark_fadein nicdark_filter greydark nicdark_absolute nicdark_height100percentage nicdark_width_percentage100\">\n                <div class=\"nicdark_absolute nicdark_display_table nicdark_height100percentage nicdark_width_percentage100\">\n                    <div class=\"nicdark_cell nicdark_vertical_middle\">\n                        <a href=\"https:\/\/soloelperu.com\/en\/packages\/lima-cusco-valle-sagrado-machu-picchu-arequipa-colca-y-lago-titicaca-14-noches\/\" class=\"nicdark_btn nicdark_border_white white medium\">MAS INFORMACI\u00d3N<\/a>\n                    <\/div>   \n                <\/div>   \n            <\/div>\n            <!--end content-->\n\n        <\/div>\n        <!--end image-->\n        <\/div>\n\n        <div class=\"nicdark_displaynone_responsive nicdark_width_percentage30 nicdark_focus\">\n            <div class=\"nicdark_space1\"><\/div>\n        <\/div>\n\n        <div style=\"background-image:url(https:\/\/soloelperu.com\/wp-content\/uploads\/paisajeandino1920x1200-1728x1080.jpg); background-size:cover; background-position:center center;\" class=\"nicdark_displaynone_responsive nicdark_overflow nicdark_bg_greydark nicdark_width_percentage30 nicdark_absolute_floatnone nicdark_height100percentage nicdark_focus\">\n            \n        <\/div>\n\n        <div class=\"nicdark_width100_responsive nicdark_width_percentage50 nicdark_focus nicdark_bg_white nicdark_border_grey nicdark_sizing\">\n            <div class=\"nicdark_textevidence nicdark_bg_grey nicdark_borderbottom_grey\">\n                <h4 class=\"grey nicdark_margin20\">Lima, Cusco, Valle Sagrado, Machu Picchu, Arequipa, Colca y Lago Titicaca (14 Noches)<\/h4>\n            <\/div>\n            <div class=\"nicdark_margin20\">\n                <p>15 d\u00edas de un Apasionante recorrido de todo el Sur de Per\u00fa, paquete dise\u00f1ado para todos aquellas personas que desean conocer detalladamente \u00e9ste hermoso pa\u00eds .<\/p>\n                <div class=\"nicdark_space20\"><\/div>\n                <a title=\" Arequipa  Cusco  Lago Titicaca  Lima \" class=\"nicdark_bg_grey_hover nicdark_tooltip nicdark_transition nicdark_btn_icon nicdark_border_grey small grey nicdark_margin05 nicdark_marginleft0\"><i class=\"icon-direction\"><\/i><\/a>\n                <a title=\" Cultural  Esparcimiento \" class=\"nicdark_bg_grey_hover nicdark_tooltip nicdark_transition nicdark_btn_icon nicdark_border_grey small grey nicdark_margin05\"><i class=\"icon-tree-1\"><\/i><\/a>\n                <a title=\" 1 Person  2 People  3 People  4 People \" class=\"nicdark_bg_grey_hover nicdark_tooltip nicdark_transition nicdark_btn_icon nicdark_border_grey small grey nicdark_margin05\"><i class=\"icon-users-1\"><\/i><\/a>\n                <a title=\" + de 10 D\u00edas \" class=\"nicdark_bg_grey_hover nicdark_tooltip nicdark_transition nicdark_btn_icon nicdark_border_grey small grey nicdark_margin05\"><i class=\"icon-calendar-2\"><\/i><\/a>\n            <\/div>\n        <\/div>\n\n        <div class=\"nicdark_displaynone_responsive nicdark_width_percentage20 nicdark_height100percentage nicdark_absolute_floatnone right\">\n            <div class=\"nicdark_filter nicdark_display_table nicdark_height100percentage center\">\n\n                <div class=\"nicdark_cell nicdark_vertical_middle\">\n                    <h1 class=\"white\">Consultar<\/h1>\n                    <div class=\"nicdark_space10\"><\/div>\n                    <h4 class=\"white\"><\/h4>\n                    <div class=\"nicdark_space20\"><\/div><a href=\"https:\/\/soloelperu.com\/en\/packages\/lima-cusco-valle-sagrado-machu-picchu-arequipa-colca-y-lago-titicaca-14-noches\/\" class=\"nicdark_border_white white nicdark_btn nicdark_outline medium \">MAS INFORMACI\u00d3N<\/a>\n                <\/div>\n                \n            <\/div>\n        <\/div>\n\n    <\/div>\n<\/div>\n\n\n\n\n\n\n\n\n<\/div><div class=\"nicdark_masonry_container\">\n\n\n<div id=\"2559\" class=\"grid grid_12 percentage nicdark_masonry_item nicdark_padding10 nicdark_sizing\">\n               \n\n    <div class=\"nicdark_focus nicdark_bg_green nicdark_relative\">\n\n        <div class=\"nicdark_focus nicdark_displaynone_desktop nicdark_displayblock_iphonepotr nicdark_displayblock_iphoneland nicdark_displayblock_ipadpotr nicdark_displayblock_ipadland\">\n            <!--start image-->\n        <div class=\"nicdark_focus nicdark_relative nicdark_fadeinout nicdark_overflow\">    \n\n            <img decoding=\"async\" alt=\"\" class=\"nicdark_focus nicdark_zoom_image\" src=\"https:\/\/soloelperu.com\/wp-content\/uploads\/huacachina.jpg\">\n\n            \n            <!--price-->\n            <div class=\"nicdark_fadeout nicdark_absolute nicdark_height100percentage nicdark_width_percentage100\">  \n                <a href=\"https:\/\/soloelperu.com\/en\/packages\/todo-el-sur-peruano-14-noches\/\" class=\"nicdark_btn nicdark_bg_green left white medium\">Consultar <\/a>\n            <\/div>\n            <!--end price-->\n\n\n            <!--start content-->\n            <div class=\"nicdark_fadein nicdark_filter greydark nicdark_absolute nicdark_height100percentage nicdark_width_percentage100\">\n                <div class=\"nicdark_absolute nicdark_display_table nicdark_height100percentage nicdark_width_percentage100\">\n                    <div class=\"nicdark_cell nicdark_vertical_middle\">\n                        <a href=\"https:\/\/soloelperu.com\/en\/packages\/todo-el-sur-peruano-14-noches\/\" class=\"nicdark_btn nicdark_border_white white medium\">MAS INFORMACI\u00d3N<\/a>\n                    <\/div>   \n                <\/div>   \n            <\/div>\n            <!--end content-->\n\n        <\/div>\n        <!--end image-->\n        <\/div>\n\n        <div class=\"nicdark_displaynone_responsive nicdark_width_percentage30 nicdark_focus\">\n            <div class=\"nicdark_space1\"><\/div>\n        <\/div>\n\n        <div style=\"background-image:url(https:\/\/soloelperu.com\/wp-content\/uploads\/huacachina.jpg); background-size:cover; background-position:center center;\" class=\"nicdark_displaynone_responsive nicdark_overflow nicdark_bg_greydark nicdark_width_percentage30 nicdark_absolute_floatnone nicdark_height100percentage nicdark_focus\">\n            <div class=\"nicdark_oblique45 nicdark_margintop20 nicdark_marginleft100_negative nicdark_focus nicdark_bg_greydark\"><p class=\"center white\">SALE<\/p><\/div>\n        <\/div>\n\n        <div class=\"nicdark_width100_responsive nicdark_width_percentage50 nicdark_focus nicdark_bg_white nicdark_border_grey nicdark_sizing\">\n            <div class=\"nicdark_textevidence nicdark_bg_grey nicdark_borderbottom_grey\">\n                <h4 class=\"grey nicdark_margin20\">Todo el Sur Peruano (14 Noches)<\/h4>\n            <\/div>\n            <div class=\"nicdark_margin20\">\n                <p>15 d\u00edas de un Apasionante recorrido de todo el Sur de Per\u00fa, paquete dise\u00f1ado para todos aquellas personas que desean conocer detalladamente \u00e9ste pa\u00eds incaico.<\/p>\n                <div class=\"nicdark_space20\"><\/div>\n                <a title=\" Arequipa  Cusco  Lago Titicaca  Lima  Nasca \" class=\"nicdark_bg_grey_hover nicdark_tooltip nicdark_transition nicdark_btn_icon nicdark_border_grey small grey nicdark_margin05 nicdark_marginleft0\"><i class=\"icon-direction\"><\/i><\/a>\n                <a title=\" Cultural  Esparcimiento \" class=\"nicdark_bg_grey_hover nicdark_tooltip nicdark_transition nicdark_btn_icon nicdark_border_grey small grey nicdark_margin05\"><i class=\"icon-tree-1\"><\/i><\/a>\n                <a title=\" 1 Person  2 People  3 People  4 People \" class=\"nicdark_bg_grey_hover nicdark_tooltip nicdark_transition nicdark_btn_icon nicdark_border_grey small grey nicdark_margin05\"><i class=\"icon-users-1\"><\/i><\/a>\n                <a title=\" + de 10 D\u00edas \" class=\"nicdark_bg_grey_hover nicdark_tooltip nicdark_transition nicdark_btn_icon nicdark_border_grey small grey nicdark_margin05\"><i class=\"icon-calendar-2\"><\/i><\/a>\n            <\/div>\n        <\/div>\n\n        <div class=\"nicdark_displaynone_responsive nicdark_width_percentage20 nicdark_height100percentage nicdark_absolute_floatnone right\">\n            <div class=\"nicdark_filter nicdark_display_table nicdark_height100percentage center\">\n\n                <div class=\"nicdark_cell nicdark_vertical_middle\">\n                    <h1 class=\"white\">Consultar<\/h1>\n                    <div class=\"nicdark_space10\"><\/div>\n                    <h4 class=\"white\"><\/h4>\n                    <div class=\"nicdark_space20\"><\/div><a href=\"https:\/\/soloelperu.com\/en\/packages\/todo-el-sur-peruano-14-noches\/\" class=\"nicdark_border_white white nicdark_btn nicdark_outline medium \">MAS INFORMACI\u00d3N<\/a>\n                <\/div>\n                \n            <\/div>\n        <\/div>\n\n    <\/div>\n<\/div>\n\n\n\n\n\n\n\n\n<\/div>[\/vc_column][\/vc_row][vc_row][vc_column][\/vc_column][\/vc_row]<\/p>\n","protected":false},"excerpt":{"rendered":"<p>[vc_row][vc_column][vc_single_image image=&#8221;3086&#8243; img_size=&#8221;large&#8221; alignment=&#8221;center&#8221; style=&#8221;vc_box_border&#8221; onclick=&#8221;zoom&#8221; css_animation=&#8221;left-to-right&#8221;][vc_empty_space height=&#8221;20px&#8221;][vc_column_text] Detalle de Paquetes que incluyen Arequipa y el Ca\u00f1\u00f3n del Colca como destino. Consulta el de tu inter\u00e9s [\/vc_column_text][vc_empty_space height=&#8221;20px&#8221;][\/vc_column][\/vc_row][vc_row][vc_column][\/vc_column][\/vc_row]<\/p>\n","protected":false},"author":1,"featured_media":0,"parent":0,"menu_order":0,"comment_status":"closed","ping_status":"closed","template":"","meta":{"footnotes":""},"yoast_head":"<!-- This site is optimized with the Yoast SEO plugin v22.1 - https:\/\/yoast.com\/wordpress\/plugins\/seo\/ -->\n<title>Paquetes que incluyen Arequipa y el Ca\u00f1\u00f3n del Colca como destino - Turismo Peru<\/title>\n<meta name=\"robots\" content=\"index, follow, max-snippet:-1, max-image-preview:large, max-video-preview:-1\" \/>\n<link rel=\"canonical\" href=\"https:\/\/soloelperu.com\/paquetes-que-incluyen-arequipa-y-el-canon-del-colca-como-destino\/\" \/>\n<meta property=\"og:locale\" content=\"en_US\" \/>\n<meta property=\"og:type\" content=\"article\" \/>\n<meta property=\"og:title\" content=\"Paquetes que incluyen Arequipa y el Ca\u00f1\u00f3n del Colca como destino - Turismo Peru\" \/>\n<meta property=\"og:description\" content=\"[vc_row][vc_column][vc_single_image image=&#8221;3086&#8243; img_size=&#8221;large&#8221; alignment=&#8221;center&#8221; style=&#8221;vc_box_border&#8221; onclick=&#8221;zoom&#8221; css_animation=&#8221;left-to-right&#8221;][vc_empty_space height=&#8221;20px&#8221;][vc_column_text] Detalle de Paquetes que incluyen Arequipa y el Ca\u00f1\u00f3n del Colca como destino. Consulta el de tu inter\u00e9s [\/vc_column_text][vc_empty_space height=&#8221;20px&#8221;][\/vc_column][\/vc_row][vc_row][vc_column][\/vc_column][\/vc_row]\" \/>\n<meta property=\"og:url\" content=\"https:\/\/soloelperu.com\/paquetes-que-incluyen-arequipa-y-el-canon-del-colca-como-destino\/\" \/>\n<meta property=\"og:site_name\" content=\"Turismo Peru\" \/>\n<meta property=\"article:modified_time\" content=\"2017-11-28T13:26:58+00:00\" \/>\n<meta name=\"twitter:label1\" content=\"Est. reading time\" \/>\n\t<meta name=\"twitter:data1\" content=\"1 minute\" \/>\n<script type=\"application\/ld+json\" class=\"yoast-schema-graph\">{\"@context\":\"https:\/\/schema.org\",\"@graph\":[{\"@type\":\"WebPage\",\"@id\":\"https:\/\/soloelperu.com\/paquetes-que-incluyen-arequipa-y-el-canon-del-colca-como-destino\/\",\"url\":\"https:\/\/soloelperu.com\/paquetes-que-incluyen-arequipa-y-el-canon-del-colca-como-destino\/\",\"name\":\"Paquetes que incluyen Arequipa y el Ca\u00f1\u00f3n del Colca como destino - Turismo Peru\",\"isPartOf\":{\"@id\":\"https:\/\/soloelperu.com\/#website\"},\"datePublished\":\"2017-11-27T14:33:23+00:00\",\"dateModified\":\"2017-11-28T13:26:58+00:00\",\"breadcrumb\":{\"@id\":\"https:\/\/soloelperu.com\/paquetes-que-incluyen-arequipa-y-el-canon-del-colca-como-destino\/#breadcrumb\"},\"inLanguage\":\"en-US\",\"potentialAction\":[{\"@type\":\"ReadAction\",\"target\":[\"https:\/\/soloelperu.com\/paquetes-que-incluyen-arequipa-y-el-canon-del-colca-como-destino\/\"]}]},{\"@type\":\"BreadcrumbList\",\"@id\":\"https:\/\/soloelperu.com\/paquetes-que-incluyen-arequipa-y-el-canon-del-colca-como-destino\/#breadcrumb\",\"itemListElement\":[{\"@type\":\"ListItem\",\"position\":1,\"name\":\"Home\",\"item\":\"https:\/\/soloelperu.com\/\"},{\"@type\":\"ListItem\",\"position\":2,\"name\":\"Paquetes que incluyen Arequipa y el Ca\u00f1\u00f3n del Colca como destino\"}]},{\"@type\":\"WebSite\",\"@id\":\"https:\/\/soloelperu.com\/#website\",\"url\":\"https:\/\/soloelperu.com\/\",\"name\":\"Turismo Peru\",\"description\":\"Viajes, Aventuras y Culturas\",\"potentialAction\":[{\"@type\":\"SearchAction\",\"target\":{\"@type\":\"EntryPoint\",\"urlTemplate\":\"https:\/\/soloelperu.com\/?s={search_term_string}\"},\"query-input\":\"required name=search_term_string\"}],\"inLanguage\":\"en-US\"}]}<\/script>\n<!-- \/ Yoast SEO plugin. -->","yoast_head_json":{"title":"Paquetes que incluyen Arequipa y el Ca\u00f1\u00f3n del Colca como destino - Turismo Peru","robots":{"index":"index","follow":"follow","max-snippet":"max-snippet:-1","max-image-preview":"max-image-preview:large","max-video-preview":"max-video-preview:-1"},"canonical":"https:\/\/soloelperu.com\/paquetes-que-incluyen-arequipa-y-el-canon-del-colca-como-destino\/","og_locale":"en_US","og_type":"article","og_title":"Paquetes que incluyen Arequipa y el Ca\u00f1\u00f3n del Colca como destino - Turismo Peru","og_description":"[vc_row][vc_column][vc_single_image image=&#8221;3086&#8243; img_size=&#8221;large&#8221; alignment=&#8221;center&#8221; style=&#8221;vc_box_border&#8221; onclick=&#8221;zoom&#8221; css_animation=&#8221;left-to-right&#8221;][vc_empty_space height=&#8221;20px&#8221;][vc_column_text] Detalle de Paquetes que incluyen Arequipa y el Ca\u00f1\u00f3n del Colca como destino. Consulta el de tu inter\u00e9s [\/vc_column_text][vc_empty_space height=&#8221;20px&#8221;][\/vc_column][\/vc_row][vc_row][vc_column][\/vc_column][\/vc_row]","og_url":"https:\/\/soloelperu.com\/paquetes-que-incluyen-arequipa-y-el-canon-del-colca-como-destino\/","og_site_name":"Turismo Peru","article_modified_time":"2017-11-28T13:26:58+00:00","twitter_misc":{"Est. reading time":"1 minute"},"schema":{"@context":"https:\/\/schema.org","@graph":[{"@type":"WebPage","@id":"https:\/\/soloelperu.com\/paquetes-que-incluyen-arequipa-y-el-canon-del-colca-como-destino\/","url":"https:\/\/soloelperu.com\/paquetes-que-incluyen-arequipa-y-el-canon-del-colca-como-destino\/","name":"Paquetes que incluyen Arequipa y el Ca\u00f1\u00f3n del Colca como destino - Turismo Peru","isPartOf":{"@id":"https:\/\/soloelperu.com\/#website"},"datePublished":"2017-11-27T14:33:23+00:00","dateModified":"2017-11-28T13:26:58+00:00","breadcrumb":{"@id":"https:\/\/soloelperu.com\/paquetes-que-incluyen-arequipa-y-el-canon-del-colca-como-destino\/#breadcrumb"},"inLanguage":"en-US","potentialAction":[{"@type":"ReadAction","target":["https:\/\/soloelperu.com\/paquetes-que-incluyen-arequipa-y-el-canon-del-colca-como-destino\/"]}]},{"@type":"BreadcrumbList","@id":"https:\/\/soloelperu.com\/paquetes-que-incluyen-arequipa-y-el-canon-del-colca-como-destino\/#breadcrumb","itemListElement":[{"@type":"ListItem","position":1,"name":"Home","item":"https:\/\/soloelperu.com\/"},{"@type":"ListItem","position":2,"name":"Paquetes que incluyen Arequipa y el Ca\u00f1\u00f3n del Colca como destino"}]},{"@type":"WebSite","@id":"https:\/\/soloelperu.com\/#website","url":"https:\/\/soloelperu.com\/","name":"Turismo Peru","description":"Viajes, Aventuras y Culturas","potentialAction":[{"@type":"SearchAction","target":{"@type":"EntryPoint","urlTemplate":"https:\/\/soloelperu.com\/?s={search_term_string}"},"query-input":"required name=search_term_string"}],"inLanguage":"en-US"}]}},"_links":{"self":[{"href":"https:\/\/soloelperu.com\/en\/wp-json\/wp\/v2\/pages\/3083"}],"collection":[{"href":"https:\/\/soloelperu.com\/en\/wp-json\/wp\/v2\/pages"}],"about":[{"href":"https:\/\/soloelperu.com\/en\/wp-json\/wp\/v2\/types\/page"}],"author":[{"embeddable":true,"href":"https:\/\/soloelperu.com\/en\/wp-json\/wp\/v2\/users\/1"}],"replies":[{"embeddable":true,"href":"https:\/\/soloelperu.com\/en\/wp-json\/wp\/v2\/comments?post=3083"}],"version-history":[{"count":6,"href":"https:\/\/soloelperu.com\/en\/wp-json\/wp\/v2\/pages\/3083\/revisions"}],"predecessor-version":[{"id":3087,"href":"https:\/\/soloelperu.com\/en\/wp-json\/wp\/v2\/pages\/3083\/revisions\/3087"}],"wp:attachment":[{"href":"https:\/\/soloelperu.com\/en\/wp-json\/wp\/v2\/media?parent=3083"}],"curies":[{"name":"wp","href":"https:\/\/api.w.org\/{rel}","templated":true}]}}